{"id":34,"date":"2026-02-13T15:55:27","date_gmt":"2026-02-13T14:55:27","guid":{"rendered":"http:\/\/localhost:8080\/?page_id=34"},"modified":"2026-03-15T16:34:02","modified_gmt":"2026-03-15T15:34:02","slug":"rolam","status":"publish","type":"page","link":"https:\/\/drszakalagnes.hu\/index.php\/rolam\/","title":{"rendered":"R\u00f3lam"},"content":{"rendered":"\n<div class=\"gb-element-3a4c8f60\">\n<h2 class=\"gb-text gb-text-b9783bbc\"><strong>R\u00f3lam<\/strong><\/h2>\n\n\n\n<div class=\"gb-element-f2e5e4a5\">\n<div class=\"gb-element-e4631511\">\n<img loading=\"lazy\" decoding=\"async\" width=\"800\" height=\"1202\" class=\"gb-media-f9308fa1\" alt=\"\" title=\"dr_szakal_agnes2\" src=\"https:\/\/drszakalagnes.hu\/wp-content\/uploads\/2026\/03\/dr_szakal_agnes2.jpg\" srcset=\"https:\/\/drszakalagnes.hu\/wp-content\/uploads\/2026\/03\/dr_szakal_agnes2.jpg 800w, https:\/\/drszakalagnes.hu\/wp-content\/uploads\/2026\/03\/dr_szakal_agnes2-200x300.jpg 200w, https:\/\/drszakalagnes.hu\/wp-content\/uploads\/2026\/03\/dr_szakal_agnes2-682x1024.jpg 682w, https:\/\/drszakalagnes.hu\/wp-content\/uploads\/2026\/03\/dr_szakal_agnes2-768x1154.jpg 768w\" sizes=\"auto, (max-width: 800px) 100vw, 800px\" \/>\n\n\n\n<p class=\"gb-text gb-text-062ed956\">dr. Szak\u00e1l \u00c1gnes<br>tan\u00e1csad\u00f3 szakpszichol\u00f3gus, EMDR terapeuta<\/p>\n<\/div>\n\n\n\n<div class=\"gb-element-4bdc9679\">\n<h1 class=\"gb-text gb-text-2288566e\">R\u00f3lam<\/h1>\n\n\n\n<p class=\"gb-text gb-text-589981ca\">Munk\u00e1m k\u00f6z\u00e9ppontj\u00e1ban azok az \u00e9lethelyzetek \u00e1llnak, amikor a bels\u0151 fesz\u00fclts\u00e9g, a kapcsolati neh\u00e9zs\u00e9gek vagy a m\u00falt \u00e9rzelmi s\u00e9r\u00fcl\u00e9sei akad\u00e1lyozz\u00e1k a tov\u00e1bbl\u00e9p\u00e9st \u00e9s a kiegyens\u00falyozottabb \u00e9let kialak\u00edt\u00e1s\u00e1t.<\/p>\n<\/div>\n<\/div>\n<\/div>\n\n\n\n<div class=\"gb-element-c2640695\">\n<h1 class=\"gb-text gb-text-50d523ee\">R\u00f3lam<\/h1>\n\n\n\n<p class=\"gb-text gb-text-34b54aca\">Munk\u00e1m k\u00f6z\u00e9ppontj\u00e1ban azok az \u00e9lethelyzetek \u00e1llnak, amikor a bels\u0151 fesz\u00fclts\u00e9g, a kapcsolati neh\u00e9zs\u00e9gek vagy a m\u00falt \u00e9rzelmi s\u00e9r\u00fcl\u00e9sei akad\u00e1lyozz\u00e1k a tov\u00e1bbl\u00e9p\u00e9st \u00e9s a kiegyens\u00falyozottabb \u00e9let kialak\u00edt\u00e1s\u00e1t.<\/p>\n<\/div>\n\n\n\n<div class=\"gb-element-fb11c043\">\n<div class=\"gb-element-29ff9166\">\n<h2 class=\"gb-text gb-text-cd6355c6\">Szakmai f\u00f3kuszom<\/h2>\n\n\n\n<p class=\"gb-text\">Els\u0151sorban az al\u00e1bbi ter\u00fcleteken k\u00eds\u00e9rem a hozz\u00e1m fordul\u00f3 feln\u0151tteket:<\/p>\n\n\n\n<ul class=\"wp-block-list\">\n<li>vesztes\u00e9gek, szak\u00edt\u00e1s, v\u00e1l\u00e1s feldolgoz\u00e1sa<\/li>\n\n\n\n<li>kor\u00e1bbi kapcsolati vagy gyermekkori s\u00e9r\u00fcl\u00e9sek hat\u00e1sa a jelenre<\/li>\n\n\n\n<li>szorong\u00e1s, bels\u0151 fesz\u00fclts\u00e9g, \u00e9rzelmi t\u00falterhelts\u00e9g<\/li>\n\n\n\n<li>\u00f6n\u00e9rt\u00e9kel\u00e9si neh\u00e9zs\u00e9gek, bizonytalans\u00e1g<\/li>\n\n\n\n<li>d\u00f6nt\u00e9si helyzetek, \u00e9lethelyzeti kr\u00edzisek<\/li>\n\n\n\n<li>ki\u00e9g\u00e9s, \u00e9rzelmi kimer\u00fcl\u00e9s<\/li>\n\n\n\n<li>p\u00e1rkapcsolati neh\u00e9zs\u00e9gek<\/li>\n\n\n\n<li>visszat\u00e9r\u0151 kapcsolati mint\u00e1k, k\u00f6t\u0151d\u00e9si probl\u00e9m\u00e1k<\/li>\n<\/ul>\n<\/div>\n\n\n\n<div class=\"gb-element-40980985\">\n<h2 class=\"gb-text gb-text-dd66f8a8\">M\u00f3dszertani h\u00e1tt\u00e9r<\/h2>\n\n\n\n<p class=\"gb-text\">Pszichol\u00f3gusi munk\u00e1mban integrat\u00edv szeml\u00e9letet k\u00e9pviselek, a kliens aktu\u00e1lis \u00e1llapot\u00e1hoz \u00e9s sz\u00fcks\u00e9gleteihez igazodva.<\/p>\n\n\n\n<p class=\"gb-text\">Els\u0151 m\u00f3dszerspecifikus v\u00e9gzetts\u00e9gemet autog\u00e9n tr\u00e9nerk\u00e9nt szereztem. Az autog\u00e9n tr\u00e9ning hat\u00e9kony eszk\u00f6z a testi-lelki fesz\u00fclts\u00e9g cs\u00f6kkent\u00e9s\u00e9ben, a stresszkezel\u00e9sben \u00e9s az \u00f6nszab\u00e1lyoz\u00e1s er\u0151s\u00edt\u00e9s\u00e9ben. A m\u00f3dszer sok esetben stabil alapot ad a k\u00e9s\u0151bbi m\u00e9lyebb ter\u00e1pi\u00e1s munk\u00e1hoz is.<\/p>\n\n\n\n<p class=\"gb-text\">Amennyiben indokolt \u00e9s a kliens sz\u00e1m\u00e1ra megfelel\u0151, a ter\u00e1pi\u00e1s folyamat r\u00e9szek\u00e9nt alkalmazom az EMDR m\u00f3dszert is, amely tudom\u00e1nyosan megalapozott elj\u00e1r\u00e1s az \u00e9rzelmileg megterhel\u0151 \u00e9lm\u00e9nyek \u00e9s traumatikus tapasztalatok feldolgoz\u00e1s\u00e1ra.<\/p>\n\n\n\n<p class=\"gb-text\">Az EMDR alkalmaz\u00e1sa minden esetben alapos el\u0151k\u00e9sz\u00edt\u00e9st, megfelel\u0151 stabiliz\u00e1ci\u00f3t \u00e9s biztons\u00e1gos ter\u00e1pi\u00e1s keretet ig\u00e9nyel; a m\u00f3dszer haszn\u00e1lat\u00e1r\u00f3l mindig k\u00f6z\u00f6sen d\u00f6nt\u00fcnk.<\/p>\n<\/div>\n<\/div>\n\n\n\n<div class=\"gb-element-e8c42c87\">\n<div class=\"gb-element-a372ff0b\">\n<h2 class=\"gb-text gb-text-a6282c09\">Hogyan zajlik a ter\u00e1pia?<\/h2>\n\n\n\n<div class=\"pszichologia-accordion pszichologia-accordion1\">\n<div class=\"pszichologia-accordion-item\">\n<div class=\"pszichologia-accordion-header\">1. Els\u0151 tal\u00e1lkoz\u00e1s \u2013 megismerked\u00e9s \u00e9s t\u00e1j\u00e9koz\u00f3d\u00e1s<\/div>\n<div class=\"pszichologia-accordion-content\">\n<p>Az els\u0151 alkalom els\u0151sorban a megismerked\u00e9sr\u0151l sz\u00f3l. Itt van lehet\u0151s\u00e9g arra, hogy elmondja miben k\u00e9r seg\u00edts\u00e9get, milyen neh\u00e9zs\u00e9gekkel \u00e9rkezett, \u00e9s milyen elv\u00e1r\u00e1sai vannak a ter\u00e1pi\u00e1val kapcsolatban.<\/p>\n<p>Ebben a szakaszban:<\/p>\n<ul>\n<li>\u00e1ttekintj\u00fck a jelenlegi \u00e9lethelyzetet<\/li>\n<li>tiszt\u00e1zzuk a ter\u00e1pi\u00e1s kereteket<\/li>\n<li>megbesz\u00e9lj\u00fck, hogy miben \u00e9s hogyan tudok seg\u00edteni<\/li>\n<li>lehet\u0151s\u00e9g van k\u00e9rdezni, bizonytalans\u00e1got megfogalmazni<\/li>\n<\/ul>\n<p>Az els\u0151 alkalom <b>nem k\u00f6telez el<\/b> hossz\u00fa t\u00e1vra; c\u00e9lja, hogy eld\u00f6nthesse, megfelel\u0151nek \u00e9rzi-e a k\u00f6z\u00f6s munk\u00e1t.<\/p>\n<\/div>\n<\/div>\n<\/div>\n\n<div class=\"pszichologia-accordion pszichologia-accordion1\">\n<div class=\"pszichologia-accordion-item\">\n<div class=\"pszichologia-accordion-header\">2. Meg\u00e9rt\u00e9s \u00e9s stabiliz\u00e1ci\u00f3<\/div>\n<div class=\"pszichologia-accordion-content\">\n<p>A ter\u00e1pi\u00e1s folyamat k\u00f6vetkez\u0151 szakasz\u00e1ban a hangs\u00faly a meg\u00e9rt\u00e9sen \u00e9s a biztons\u00e1g kialak\u00edt\u00e1s\u00e1n van. Felt\u00e9rk\u00e9pezz\u00fck azokat a bels\u0151 \u00e9s kapcsolati mint\u00e1kat, amelyek a neh\u00e9zs\u00e9gek fennmarad\u00e1s\u00e1ban szerepet j\u00e1tszanak.<\/p>\n<p>Ebben az id\u0151szakban gyakran dolgozunk:<\/p>\n<ul>\n<li>az \u00e9rzelmi fesz\u00fclts\u00e9g cs\u00f6kkent\u00e9s\u00e9n<\/li>\n<li>az \u00f6nszab\u00e1lyoz\u00e1s er\u0151s\u00edt\u00e9s\u00e9n<\/li>\n<li>a testi-lelki jelz\u00e9sek tudatos\u00edt\u00e1s\u00e1n<\/li>\n<\/ul>\n<p>Sz\u00fcks\u00e9g eset\u00e9n alkalmazhat\u00f3k relax\u00e1ci\u00f3s \u00e9s stabiliz\u00e1ci\u00f3s technik\u00e1k, p\u00e9ld\u00e1ul az autog\u00e9n tr\u00e9ning elemei, amelyek seg\u00edtenek a bels\u0151 egyens\u00faly megteremt\u00e9s\u00e9ben, \u00e9s megalapozz\u00e1k a m\u00e9lyebb ter\u00e1pi\u00e1s munk\u00e1t.<\/p>\n<\/div>\n<\/div>\n<\/div>\n\n<div class=\"pszichologia-accordion pszichologia-accordion1\">\n<div class=\"pszichologia-accordion-item\">\n<div class=\"pszichologia-accordion-header\">3. Feldolgoz\u00f3 munka \u2013 amikor elj\u00f6n az ideje<\/div>\n<div class=\"pszichologia-accordion-content\">\n<p>Amennyiben a probl\u00e9ma jellege indokolja, \u00e9s a megfelel\u0151 stabilit\u00e1s m\u00e1r kialakult, a ter\u00e1pi\u00e1s folyamat feldolgoz\u00f3 szakaszba l\u00e9phet.<\/p>\n<p>Ebben a szakaszban \u2013 <b>k\u00f6z\u00f6s d\u00f6nt\u00e9s alapj\u00e1n<\/b> \u2013 lehet\u0151s\u00e9g van az EMDR m\u00f3dszer alkalmaz\u00e1s\u00e1ra is. Az EMDR seg\u00edthet a m\u00falt \u00e9rzelmileg megterhel\u0151 \u00e9lm\u00e9nyeinek feldolgoz\u00e1s\u00e1ban, k\u00fcl\u00f6n\u00f6sen akkor, ha azok a jelenben is visszat\u00e9r\u0151 neh\u00e9zs\u00e9geket okoznak.<\/p>\n<p>Fontos hangs\u00falyozni:<\/p>\n<ul>\n<li>az EMDR nem k\u00f6telez\u0151 eleme a ter\u00e1pi\u00e1nak<\/li>\n<li>alkalmaz\u00e1sa mindig el\u0151k\u00e9sz\u00edt\u00e9st ig\u00e9nyel<\/li>\n<li>a folyamat temp\u00f3j\u00e1t a kliens hat\u00e1rozza meg<\/li>\n<\/ul>\n<\/div>\n<\/div>\n<\/div>\n\n<div class=\"pszichologia-accordion pszichologia-accordion1\">\n<div class=\"pszichologia-accordion-item\">\n<div class=\"pszichologia-accordion-header\">4. Integr\u00e1ci\u00f3 \u00e9s lez\u00e1r\u00e1s<\/div>\n<div class=\"pszichologia-accordion-content\">\n<p>A ter\u00e1pi\u00e1s munka nem \u00e9r v\u00e9get a meg\u00e9rt\u00e9ssel vagy a feldolgoz\u00e1ssal. Fontos r\u00e9sze a folyamatnak az is, hogy az \u00faj felismer\u00e9sek \u00e9s tapasztalatok be\u00e9p\u00fcljenek a mindennapi \u00e9letbe.<\/p>\n<p>Ebben a szakaszban:<\/p>\n<ul>\n<li>meger\u0151s\u00edtj\u00fck az \u00faj m\u0171k\u00f6d\u00e9sm\u00f3dokat<\/li>\n<li>\u00e1ttekintj\u00fck a v\u00e1ltoz\u00e1sokat<\/li>\n<li>k\u00f6z\u00f6sen \u00e9rt\u00e9kelj\u00fck a ter\u00e1pi\u00e1s folyamatot<\/li>\n<li>el\u0151k\u00e9sz\u00edtj\u00fck a lez\u00e1r\u00e1st vagy a ritk\u00edt\u00e1st<\/li>\n<\/ul>\n<p>A ter\u00e1pia lez\u00e1r\u00e1sa mindig tudatos, k\u00f6z\u00f6sen kialak\u00edtott folyamat.<\/p>\n<\/div>\n<\/div>\n<\/div>\n<\/div>\n<\/div>\n\n\n\n<div class=\"gb-element-2ca12f4c\">\n<div class=\"gb-element-5b3d62db\">\n<h2 class=\"gb-text gb-text-491e1fac\">Szakmai V\u00e9gzetts\u00e9g<\/h2>\n\n\n\n<ul class=\"wp-block-list\">\n<li>Els\u0151 diplom\u00e1mat gy\u00f3gyszer\u00e9szk\u00e9nt szereztem, amely a dr. c\u00edm visel\u00e9s\u00e9re jogos\u00edt.<\/li>\n\n\n\n<li>2006 \u2013 okleveles pszichol\u00f3gus diploma SZTE BTK (691\/2006)<\/li>\n\n\n\n<li>2008 \u2013 Magyar Relax\u00e1ci\u00f3s \u00e9s Szimb\u00f3lumter\u00e1pi\u00e1s Egyes\u00fclet m\u00f3dszerspecifikus k\u00e9pz\u00e9s (MRSZE1 4\/2008)<\/li>\n\n\n\n<li>2018 \u2013 tan\u00e1csad\u00f3 szakpszichol\u00f3gus (ELTE-PPK-1371\/2018)<\/li>\n\n\n\n<li>2019 \u2013 EMDR k\u00e9pz\u00e9s kezdete, Magyar EMDR Egyes\u00fclet<\/li>\n\n\n\n<li>2022-t\u0151l \u2013 EMDR terapeuta (EMDR Europe Association 17464)<\/li>\n<\/ul>\n<\/div>\n\n\n\n<div>\n<h2 class=\"gb-text gb-text-99dbbd84\">Keretek \u00e9s biztons\u00e1g<\/h2>\n\n\n\n<ul class=\"wp-block-list\">\n<li>titoktart\u00e1s<\/li>\n\n\n\n<li>szakmai felel\u0151ss\u00e9g<\/li>\n\n\n\n<li>emp\u00e1tia \u00e9s elfogad\u00e1s<\/li>\n\n\n\n<li>\u00e1tl\u00e1that\u00f3, stabil keretek<\/li>\n<\/ul>\n<\/div>\n<\/div>\n\n\n\n<style>\n\/* Accordion *\/\n.pszichologia-accordion1 {\n    background: white;\n    padding: 10px 25px;\n    margin-bottom: 20px;\n}\n\n.pszichologia-accordion2 {\n    margin-top: 50px;\n    border-top: 1px solid #ddd;\n}\n\n.pszichologia-accordion-item2 {\n    border-bottom: 1px solid #ddd;\n}\n\n.pszichologia-accordion-header {\n    padding: 18px 0;\n    cursor: pointer;\n    font-weight: 500;\n    display: flex;\n    justify-content: space-between;\n    align-items: center;\n}\n\n.pszichologia-accordion-header::after {\n    content: \"+\";\n    font-size: 20px;\n}\n\n.pszichologia-accordion-item.active .pszichologia-accordion-header::after {\n    content: \"\u2013\";\n}\n\n.pszichologia-accordion-content {\n    display: none;\n    padding-bottom: 20px;\n    color: #555;\n}\n\n.pszichologia-accordion-item.active .pszichologia-accordion-content {\n    display: block;\n}\n\n.hogyan-zajlik {\n    background: #f6f6f4;\n    padding: 80px 20px;\n}\n<\/style>\n<script>\ndocument.querySelectorAll(\".pszichologia-accordion-header\").forEach(header => {\n    header.addEventListener(\"click\", () => {\n        header.parentElement.classList.toggle(\"active\");\n    });\n});\n<\/script>\n","protected":false},"excerpt":{"rendered":"<p>R\u00f3lam dr. Szak\u00e1l \u00c1gnestan\u00e1csad\u00f3 szakpszichol\u00f3gus, EMDR terapeuta R\u00f3lam Munk\u00e1m k\u00f6z\u00e9ppontj\u00e1ban azok az \u00e9lethelyzetek \u00e1llnak, amikor a bels\u0151 fesz\u00fclts\u00e9g, a kapcsolati neh\u00e9zs\u00e9gek vagy a m\u00falt \u00e9rzelmi s\u00e9r\u00fcl\u00e9sei akad\u00e1lyozz\u00e1k a tov\u00e1bbl\u00e9p\u00e9st \u00e9s a kiegyens\u00falyozottabb \u00e9let kialak\u00edt\u00e1s\u00e1t. R\u00f3lam Munk\u00e1m k\u00f6z\u00e9ppontj\u00e1ban azok az \u00e9lethelyzetek \u00e1llnak, amikor a bels\u0151 fesz\u00fclts\u00e9g, a kapcsolati neh\u00e9zs\u00e9gek vagy a m\u00falt \u00e9rzelmi s\u00e9r\u00fcl\u00e9sei akad\u00e1lyozz\u00e1k a &#8230; <a title=\"R\u00f3lam\" class=\"read-more\" href=\"https:\/\/drszakalagnes.hu\/index.php\/rolam\/\" aria-label=\"Read more about R\u00f3lam\">Olvass tov\u00e1bb<\/a><\/p>\n","protected":false},"author":1,"featured_media":0,"parent":0,"menu_order":0,"comment_status":"closed","ping_status":"closed","template":"","meta":{"footnotes":""},"class_list":["post-34","page","type-page","status-publish"],"yoast_head":"<!-- This site is optimized with the Yoast SEO plugin v27.0 - https:\/\/yoast.com\/product\/yoast-seo-wordpress\/ -->\n<title>R\u00f3lam - Tan\u00e1csad\u00f3 szakpszichol\u00f3gus Kecskem\u00e9ten | dr. Szak\u00e1l \u00c1gnes<\/title>\n<meta name=\"description\" content=\"Tan\u00e1csad\u00f3 szakpszichol\u00f3gus \u00e9s EMDR terapeuta bemutatkoz\u00e1sa. Szakmai szeml\u00e9let, m\u00f3dszerek \u00e9s a k\u00f6z\u00f6s munka keretei.\" \/>\n<meta name=\"robots\" content=\"index, follow, max-snippet:-1, max-image-preview:large, max-video-preview:-1\" \/>\n<link rel=\"canonical\" href=\"https:\/\/drszakalagnes.hu\/index.php\/rolam\/\" \/>\n<meta property=\"og:locale\" content=\"hu_HU\" \/>\n<meta property=\"og:type\" content=\"article\" \/>\n<meta property=\"og:title\" content=\"R\u00f3lam - Tan\u00e1csad\u00f3 szakpszichol\u00f3gus Kecskem\u00e9ten | dr. Szak\u00e1l \u00c1gnes\" \/>\n<meta property=\"og:description\" content=\"Tan\u00e1csad\u00f3 szakpszichol\u00f3gus \u00e9s EMDR terapeuta bemutatkoz\u00e1sa. Szakmai szeml\u00e9let, m\u00f3dszerek \u00e9s a k\u00f6z\u00f6s munka keretei.\" \/>\n<meta property=\"og:url\" content=\"https:\/\/drszakalagnes.hu\/index.php\/rolam\/\" \/>\n<meta property=\"og:site_name\" content=\"dr. Szak\u00e1l \u00c1gnes\" \/>\n<meta property=\"article:modified_time\" content=\"2026-03-15T15:34:02+00:00\" \/>\n<meta property=\"og:image\" content=\"https:\/\/drszakalagnes.hu\/wp-content\/uploads\/2026\/03\/dr_szakal_agnes2.jpg\" \/>\n<meta name=\"twitter:card\" content=\"summary_large_image\" \/>\n<meta name=\"twitter:label1\" content=\"Becs\u00fclt olvas\u00e1si id\u0151\" \/>\n\t<meta name=\"twitter:data1\" content=\"4 perc\" \/>\n<script type=\"application\/ld+json\" class=\"yoast-schema-graph\">{\"@context\":\"https:\/\/schema.org\",\"@graph\":[{\"@type\":\"WebPage\",\"@id\":\"https:\/\/drszakalagnes.hu\/index.php\/rolam\/\",\"url\":\"https:\/\/drszakalagnes.hu\/index.php\/rolam\/\",\"name\":\"R\u00f3lam - Tan\u00e1csad\u00f3 szakpszichol\u00f3gus Kecskem\u00e9ten | dr. Szak\u00e1l \u00c1gnes\",\"isPartOf\":{\"@id\":\"https:\/\/drszakalagnes.hu\/#website\"},\"primaryImageOfPage\":{\"@id\":\"https:\/\/drszakalagnes.hu\/index.php\/rolam\/#primaryimage\"},\"image\":{\"@id\":\"https:\/\/drszakalagnes.hu\/index.php\/rolam\/#primaryimage\"},\"thumbnailUrl\":\"https:\/\/drszakalagnes.hu\/wp-content\/uploads\/2026\/03\/dr_szakal_agnes2.jpg\",\"datePublished\":\"2026-02-13T14:55:27+00:00\",\"dateModified\":\"2026-03-15T15:34:02+00:00\",\"description\":\"Tan\u00e1csad\u00f3 szakpszichol\u00f3gus \u00e9s EMDR terapeuta bemutatkoz\u00e1sa. Szakmai szeml\u00e9let, m\u00f3dszerek \u00e9s a k\u00f6z\u00f6s munka keretei.\",\"breadcrumb\":{\"@id\":\"https:\/\/drszakalagnes.hu\/index.php\/rolam\/#breadcrumb\"},\"inLanguage\":\"hu\",\"potentialAction\":[{\"@type\":\"ReadAction\",\"target\":[\"https:\/\/drszakalagnes.hu\/index.php\/rolam\/\"]}]},{\"@type\":\"ImageObject\",\"inLanguage\":\"hu\",\"@id\":\"https:\/\/drszakalagnes.hu\/index.php\/rolam\/#primaryimage\",\"url\":\"https:\/\/drszakalagnes.hu\/wp-content\/uploads\/2026\/03\/dr_szakal_agnes2.jpg\",\"contentUrl\":\"https:\/\/drszakalagnes.hu\/wp-content\/uploads\/2026\/03\/dr_szakal_agnes2.jpg\",\"width\":800,\"height\":1202},{\"@type\":\"BreadcrumbList\",\"@id\":\"https:\/\/drszakalagnes.hu\/index.php\/rolam\/#breadcrumb\",\"itemListElement\":[{\"@type\":\"ListItem\",\"position\":1,\"name\":\"Home\",\"item\":\"https:\/\/drszakalagnes.hu\/\"},{\"@type\":\"ListItem\",\"position\":2,\"name\":\"R\u00f3lam\"}]},{\"@type\":\"WebSite\",\"@id\":\"https:\/\/drszakalagnes.hu\/#website\",\"url\":\"https:\/\/drszakalagnes.hu\/\",\"name\":\"dr. Szak\u00e1l \u00c1gnes\",\"description\":\"EMDR terapeuta - Kecskem\u00e9t\",\"potentialAction\":[{\"@type\":\"SearchAction\",\"target\":{\"@type\":\"EntryPoint\",\"urlTemplate\":\"https:\/\/drszakalagnes.hu\/?s={search_term_string}\"},\"query-input\":{\"@type\":\"PropertyValueSpecification\",\"valueRequired\":true,\"valueName\":\"search_term_string\"}}],\"inLanguage\":\"hu\"}]}<\/script>\n<!-- \/ Yoast SEO plugin. -->","yoast_head_json":{"title":"R\u00f3lam - Tan\u00e1csad\u00f3 szakpszichol\u00f3gus Kecskem\u00e9ten | dr. Szak\u00e1l \u00c1gnes","description":"Tan\u00e1csad\u00f3 szakpszichol\u00f3gus \u00e9s EMDR terapeuta bemutatkoz\u00e1sa. Szakmai szeml\u00e9let, m\u00f3dszerek \u00e9s a k\u00f6z\u00f6s munka keretei.","robots":{"index":"index","follow":"follow","max-snippet":"max-snippet:-1","max-image-preview":"max-image-preview:large","max-video-preview":"max-video-preview:-1"},"canonical":"https:\/\/drszakalagnes.hu\/index.php\/rolam\/","og_locale":"hu_HU","og_type":"article","og_title":"R\u00f3lam - Tan\u00e1csad\u00f3 szakpszichol\u00f3gus Kecskem\u00e9ten | dr. Szak\u00e1l \u00c1gnes","og_description":"Tan\u00e1csad\u00f3 szakpszichol\u00f3gus \u00e9s EMDR terapeuta bemutatkoz\u00e1sa. Szakmai szeml\u00e9let, m\u00f3dszerek \u00e9s a k\u00f6z\u00f6s munka keretei.","og_url":"https:\/\/drszakalagnes.hu\/index.php\/rolam\/","og_site_name":"dr. Szak\u00e1l \u00c1gnes","article_modified_time":"2026-03-15T15:34:02+00:00","og_image":[{"url":"https:\/\/drszakalagnes.hu\/wp-content\/uploads\/2026\/03\/dr_szakal_agnes2.jpg","type":"","width":"","height":""}],"twitter_card":"summary_large_image","twitter_misc":{"Becs\u00fclt olvas\u00e1si id\u0151":"4 perc"},"schema":{"@context":"https:\/\/schema.org","@graph":[{"@type":"WebPage","@id":"https:\/\/drszakalagnes.hu\/index.php\/rolam\/","url":"https:\/\/drszakalagnes.hu\/index.php\/rolam\/","name":"R\u00f3lam - Tan\u00e1csad\u00f3 szakpszichol\u00f3gus Kecskem\u00e9ten | dr. Szak\u00e1l \u00c1gnes","isPartOf":{"@id":"https:\/\/drszakalagnes.hu\/#website"},"primaryImageOfPage":{"@id":"https:\/\/drszakalagnes.hu\/index.php\/rolam\/#primaryimage"},"image":{"@id":"https:\/\/drszakalagnes.hu\/index.php\/rolam\/#primaryimage"},"thumbnailUrl":"https:\/\/drszakalagnes.hu\/wp-content\/uploads\/2026\/03\/dr_szakal_agnes2.jpg","datePublished":"2026-02-13T14:55:27+00:00","dateModified":"2026-03-15T15:34:02+00:00","description":"Tan\u00e1csad\u00f3 szakpszichol\u00f3gus \u00e9s EMDR terapeuta bemutatkoz\u00e1sa. Szakmai szeml\u00e9let, m\u00f3dszerek \u00e9s a k\u00f6z\u00f6s munka keretei.","breadcrumb":{"@id":"https:\/\/drszakalagnes.hu\/index.php\/rolam\/#breadcrumb"},"inLanguage":"hu","potentialAction":[{"@type":"ReadAction","target":["https:\/\/drszakalagnes.hu\/index.php\/rolam\/"]}]},{"@type":"ImageObject","inLanguage":"hu","@id":"https:\/\/drszakalagnes.hu\/index.php\/rolam\/#primaryimage","url":"https:\/\/drszakalagnes.hu\/wp-content\/uploads\/2026\/03\/dr_szakal_agnes2.jpg","contentUrl":"https:\/\/drszakalagnes.hu\/wp-content\/uploads\/2026\/03\/dr_szakal_agnes2.jpg","width":800,"height":1202},{"@type":"BreadcrumbList","@id":"https:\/\/drszakalagnes.hu\/index.php\/rolam\/#breadcrumb","itemListElement":[{"@type":"ListItem","position":1,"name":"Home","item":"https:\/\/drszakalagnes.hu\/"},{"@type":"ListItem","position":2,"name":"R\u00f3lam"}]},{"@type":"WebSite","@id":"https:\/\/drszakalagnes.hu\/#website","url":"https:\/\/drszakalagnes.hu\/","name":"dr. Szak\u00e1l \u00c1gnes","description":"EMDR terapeuta - Kecskem\u00e9t","potentialAction":[{"@type":"SearchAction","target":{"@type":"EntryPoint","urlTemplate":"https:\/\/drszakalagnes.hu\/?s={search_term_string}"},"query-input":{"@type":"PropertyValueSpecification","valueRequired":true,"valueName":"search_term_string"}}],"inLanguage":"hu"}]}},"_links":{"self":[{"href":"https:\/\/drszakalagnes.hu\/index.php\/wp-json\/wp\/v2\/pages\/34","targetHints":{"allow":["GET"]}}],"collection":[{"href":"https:\/\/drszakalagnes.hu\/index.php\/wp-json\/wp\/v2\/pages"}],"about":[{"href":"https:\/\/drszakalagnes.hu\/index.php\/wp-json\/wp\/v2\/types\/page"}],"author":[{"embeddable":true,"href":"https:\/\/drszakalagnes.hu\/index.php\/wp-json\/wp\/v2\/users\/1"}],"replies":[{"embeddable":true,"href":"https:\/\/drszakalagnes.hu\/index.php\/wp-json\/wp\/v2\/comments?post=34"}],"version-history":[{"count":78,"href":"https:\/\/drszakalagnes.hu\/index.php\/wp-json\/wp\/v2\/pages\/34\/revisions"}],"predecessor-version":[{"id":772,"href":"https:\/\/drszakalagnes.hu\/index.php\/wp-json\/wp\/v2\/pages\/34\/revisions\/772"}],"wp:attachment":[{"href":"https:\/\/drszakalagnes.hu\/index.php\/wp-json\/wp\/v2\/media?parent=34"}],"curies":[{"name":"wp","href":"https:\/\/api.w.org\/{rel}","templated":true}]}}